{"id":3282,"date":"2021-11-09T21:14:53","date_gmt":"2021-11-10T00:14:53","guid":{"rendered":"https:\/\/museunacionalvive.org.br\/presentation\/project-commitments\/"},"modified":"2021-11-11T16:08:06","modified_gmt":"2021-11-11T19:08:06","slug":"project-commitments","status":"publish","type":"page","link":"https:\/\/museunacionalvive.org.br\/en\/presentation\/project-commitments\/","title":{"rendered":"Project Commitments"},"content":{"rendered":"\n<p class=\"has-white-color has-text-color has-background has-medium-font-size\" style=\"background-color:#00a2af\"><strong>Rebuild and restore the S\u00e3o Crist\u00f3v\u00e3o Palace<\/strong><\/p>\n\n<div class=\"wp-block-columns\">\n<div class=\"wp-block-column\" style=\"flex-basis:100%\">\n<div class=\"wp-block-group\"><div class=\"wp-block-group__inner-container\"><div id=\"galeria-bloco\" class=\"galeria-carrosel aligncenter\">\n            <div class=\"row mx-0\">\n                            <div class='gallery-item col-12 col-sm-4 col-md-3 col-lg-2 my-3'>\n                    <div style='background-image: url(\"https:\/\/museunacionalvive.org.br\/wp-content\/uploads\/2021\/03\/sanitize_sanitize_foto21_creditos_marcos-gusmaojpg.jpg_290121-044741.jpg_200321-025428.jpg\")'><\/div>\n                    <img class=\"img-fluid\"\n                        data-caption = \"Aerial view of Pa\u00e7o de S\u00e3o Crist\u00f3v\u00e3o and Jardim Terra\u00e7o, before the 2018 fire. Credits: Marcos Gusm\u00e3o\" \n                        data-bp=\"https:\/\/museunacionalvive.org.br\/wp-content\/uploads\/2021\/03\/sanitize_sanitize_foto21_creditos_marcos-gusmaojpg.jpg_290121-044741.jpg_200321-025428.jpg\" \n                        src=\"https:\/\/museunacionalvive.org.br\/wp-content\/uploads\/2021\/03\/sanitize_sanitize_foto21_creditos_marcos-gusmaojpg.jpg_290121-044741.jpg_200321-025428.jpg\" \n                        alt=\"\" \/>\n                <\/div>\n                            <div class='gallery-item col-12 col-sm-4 col-md-3 col-lg-2 my-3'>\n                    <div style='background-image: url(\"https:\/\/museunacionalvive.org.br\/wp-content\/uploads\/2020\/12\/sanitize_foto-103-e-104.jpg_290121-045737-1024x1024.jpg\")'><\/div>\n                    <img class=\"img-fluid\"\n                        data-caption = \"2009 | Depois da restaura\u00e7\u00e3o de telhados e espa\u00e7os internos, a fachada principal do Pa\u00e7o \u00e9 restaurada e volta a ter as cores amarela do per\u00edodo imperial. \n\" \n                        data-bp=\"https:\/\/museunacionalvive.org.br\/wp-content\/uploads\/2020\/12\/sanitize_foto-103-e-104.jpg_290121-045737-1024x1024.jpg\" \n                        src=\"https:\/\/museunacionalvive.org.br\/wp-content\/uploads\/2020\/12\/sanitize_foto-103-e-104.jpg_290121-045737-1024x1024.jpg\" \n                        alt=\"\" \/>\n                <\/div>\n                            <div class='gallery-item col-12 col-sm-4 col-md-3 col-lg-2 my-3'>\n                    <div style='background-image: url(\"https:\/\/museunacionalvive.org.br\/wp-content\/uploads\/2021\/03\/sanitize_fachada_emergencial.jpg_110321-125350-1024x683.jpg\")'><\/div>\n                    <img class=\"img-fluid\"\n                        data-caption = \"Current facade of the Museum, after completion of emergency construction\" \n                        data-bp=\"https:\/\/museunacionalvive.org.br\/wp-content\/uploads\/2021\/03\/sanitize_fachada_emergencial.jpg_110321-125350-1024x683.jpg\" \n                        src=\"https:\/\/museunacionalvive.org.br\/wp-content\/uploads\/2021\/03\/sanitize_fachada_emergencial.jpg_110321-125350-1024x683.jpg\" \n                        alt=\"\" \/>\n                <\/div>\n                            <div class='gallery-item col-12 col-sm-4 col-md-3 col-lg-2 my-3'>\n                    <div style='background-image: url(\"https:\/\/museunacionalvive.org.br\/wp-content\/uploads\/2021\/03\/sanitize_museunacional-19032021-moises-pimentel-0037.jpg_200321-025936-1024x683.jpg\")'><\/div>\n                    <img class=\"img-fluid\"\n                        data-caption = \"Museum facade in March 2021. Credits: Mois\u00e9s Pimentel\/UFRJ\" \n                        data-bp=\"https:\/\/museunacionalvive.org.br\/wp-content\/uploads\/2021\/03\/sanitize_museunacional-19032021-moises-pimentel-0037.jpg_200321-025936-1024x683.jpg\" \n                        src=\"https:\/\/museunacionalvive.org.br\/wp-content\/uploads\/2021\/03\/sanitize_museunacional-19032021-moises-pimentel-0037.jpg_200321-025936-1024x683.jpg\" \n                        alt=\"\" \/>\n                <\/div>\n                    <\/div>\n    <\/div><\/div><\/div>\n<\/div>\n<\/div>\n\n<p>The imposing palace located at Quinta da Boa Vista (second largest urban park in the city of Rio de Janeiro), is a Brazilian heritage listed in 1938 by the National Historical and Artistic Heritage Institute (IPHAN).<\/p>\n\n<p>During the nineteenth century, it was the royal residential palace of d. Jo\u00e3o VI nd imperial residential palace of d. Pedro I and d. Pedro II. After the Proclamation of the Republic (1889), it housed the Assembly of the first republican Constitution (1891). Since 1892, it has been the \u201chouse\u201d of the National Museum, the oldest Brazilian scientific institution, which was founded in 1818 and had as its first headquarters the current building of the Casa da Moeda Cultural Center (Campo de Sant\u2019Anna, downtown Rio de Janeiro).<\/p>\n\n<p>After surviving the 2018 fire, the Pa\u00e7o de S\u00e3o Crist\u00f3v\u00e3o had its facades preserved, but its roof and interior were badly damaged. In addition to <strong>rebuilding the monument-building,<\/strong>the Museu Nacional Vive Project will also <strong>renovate <\/strong> the Al\u00edpio de Miranda Ribeiro <strong> annex building, restore the historical gardens <\/strong>of Quinta da Boa Vista, and develop the <strong>new museography project.<\/strong><\/p>\n\n<hr class=\"wp-block-separator\" \/>\n\n<p class=\"has-white-color has-text-color has-background has-medium-font-size\" style=\"background-color:#00a2af\"><strong>Renovate and expand the Central Library of the National Museum\/UFRJ<\/strong><\/p>\n<div id=\"galeria-bloco\" class=\"galeria-carrosel\">\n            <div class=\"row mx-0\">\n                            <div class='gallery-item col-12 col-sm-4 col-md-3 col-lg-2 my-3'>\n                    <div style='background-image: url(\"https:\/\/museunacionalvive.org.br\/wp-content\/uploads\/2021\/03\/sanitize_2021-02-12-obrabiblioteca_dsf7728-diogo-vasconcellos-mn.jpg_110321-011006-1024x683.jpg\")'><\/div>\n                    <img class=\"img-fluid\"\n                        data-caption = \"Central Library under construction. (Credits: Diogo Vasconcellos\/MN)\" \n                        data-bp=\"https:\/\/museunacionalvive.org.br\/wp-content\/uploads\/2021\/03\/sanitize_2021-02-12-obrabiblioteca_dsf7728-diogo-vasconcellos-mn.jpg_110321-011006-1024x683.jpg\" \n                        src=\"https:\/\/museunacionalvive.org.br\/wp-content\/uploads\/2021\/03\/sanitize_2021-02-12-obrabiblioteca_dsf7728-diogo-vasconcellos-mn.jpg_110321-011006-1024x683.jpg\" \n                        alt=\"\" \/>\n                <\/div>\n                            <div class='gallery-item col-12 col-sm-4 col-md-3 col-lg-2 my-3'>\n                    <div style='background-image: url(\"https:\/\/museunacionalvive.org.br\/wp-content\/uploads\/2021\/02\/sanitize_biblioteca_diogo.jpg_230221-125753-1024x683.jpg\")'><\/div>\n                    <img class=\"img-fluid\"\n                        data-caption = \"Works at the Library. (Credits: Diogo Vasconcellos\/MN)\" \n                        data-bp=\"https:\/\/museunacionalvive.org.br\/wp-content\/uploads\/2021\/02\/sanitize_biblioteca_diogo.jpg_230221-125753-1024x683.jpg\" \n                        src=\"https:\/\/museunacionalvive.org.br\/wp-content\/uploads\/2021\/02\/sanitize_biblioteca_diogo.jpg_230221-125753-1024x683.jpg\" \n                        alt=\"\" \/>\n                <\/div>\n                            <div class='gallery-item col-12 col-sm-4 col-md-3 col-lg-2 my-3'>\n                    <div style='background-image: url(\"https:\/\/museunacionalvive.org.br\/wp-content\/uploads\/2021\/02\/sanitize_bilbioteca-2-diogo.jpg_230221-125756-1024x683.jpg\")'><\/div>\n                    <img class=\"img-fluid\"\n                        data-caption = \"Works at the Library. (Credits: Diogo Vasconcellos\/MN)\" \n                        data-bp=\"https:\/\/museunacionalvive.org.br\/wp-content\/uploads\/2021\/02\/sanitize_bilbioteca-2-diogo.jpg_230221-125756-1024x683.jpg\" \n                        src=\"https:\/\/museunacionalvive.org.br\/wp-content\/uploads\/2021\/02\/sanitize_bilbioteca-2-diogo.jpg_230221-125756-1024x683.jpg\" \n                        alt=\"\" \/>\n                <\/div>\n                            <div class='gallery-item col-12 col-sm-4 col-md-3 col-lg-2 my-3'>\n                    <div style='background-image: url(\"https:\/\/museunacionalvive.org.br\/wp-content\/uploads\/2021\/02\/sanitize_2021-02-12-obrabiblioteca_dsf7822.jpg_230221-125750-1024x683.jpg\")'><\/div>\n                    <img class=\"img-fluid\"\n                        data-caption = \"Works at the Library. (Credits: Diogo Vasconcellos\/MN)\" \n                        data-bp=\"https:\/\/museunacionalvive.org.br\/wp-content\/uploads\/2021\/02\/sanitize_2021-02-12-obrabiblioteca_dsf7822.jpg_230221-125750-1024x683.jpg\" \n                        src=\"https:\/\/museunacionalvive.org.br\/wp-content\/uploads\/2021\/02\/sanitize_2021-02-12-obrabiblioteca_dsf7822.jpg_230221-125750-1024x683.jpg\" \n                        alt=\"\" \/>\n                <\/div>\n                    <\/div>\n    <\/div>\n<p>With a collection of 500,000 books, including 1,500 rare works, the Central Library of the National Museum\/UFRJ is undergoing the biggest renovation and expansion work in its history. <\/p>\n\n<hr class=\"wp-block-separator\" \/>\n\n<p class=\"has-white-color has-text-color has-background has-medium-font-size\" style=\"background-color:#00a2af\"><strong>Build the Research and Teaching Campus of the National Museum\/UFRJ<\/strong><\/p>\n<div id=\"galeria-bloco\" class=\"galeria-carrosel\">\n            <div class=\"row mx-0\">\n                            <div class='gallery-item col-12 col-sm-4 col-md-3 col-lg-2 my-3'>\n                    <div style='background-image: url(\"https:\/\/museunacionalvive.org.br\/wp-content\/uploads\/2020\/12\/sanitize_campus-rel.jpg_040321-082647-1024x768.jpg\")'><\/div>\n                    <img class=\"img-fluid\"\n                        data-caption = \"Novo pr\u00e9dio administrativo\" \n                        data-bp=\"https:\/\/museunacionalvive.org.br\/wp-content\/uploads\/2020\/12\/sanitize_campus-rel.jpg_040321-082647-1024x768.jpg\" \n                        src=\"https:\/\/museunacionalvive.org.br\/wp-content\/uploads\/2020\/12\/sanitize_campus-rel.jpg_040321-082647-1024x768.jpg\" \n                        alt=\"\" \/>\n                <\/div>\n                            <div class='gallery-item col-12 col-sm-4 col-md-3 col-lg-2 my-3'>\n                    <div style='background-image: url(\"https:\/\/museunacionalvive.org.br\/wp-content\/uploads\/2020\/12\/sanitize_campus-rel-3.jpg_040321-082632-1024x768.jpg\")'><\/div>\n                    <img class=\"img-fluid\"\n                        data-caption = \"\" \n                        data-bp=\"https:\/\/museunacionalvive.org.br\/wp-content\/uploads\/2020\/12\/sanitize_campus-rel-3.jpg_040321-082632-1024x768.jpg\" \n                        src=\"https:\/\/museunacionalvive.org.br\/wp-content\/uploads\/2020\/12\/sanitize_campus-rel-3.jpg_040321-082632-1024x768.jpg\" \n                        alt=\"\" \/>\n                <\/div>\n                            <div class='gallery-item col-12 col-sm-4 col-md-3 col-lg-2 my-3'>\n                    <div style='background-image: url(\"https:\/\/museunacionalvive.org.br\/wp-content\/uploads\/2020\/12\/sanitize_campus-1.jpg_040321-082617.jpg\")'><\/div>\n                    <img class=\"img-fluid\"\n                        data-caption = \"Cont\u00eaineres para guarda tempor\u00e1ria do acervo da Biblioteca Central, que est\u00e1 em obras\" \n                        data-bp=\"https:\/\/museunacionalvive.org.br\/wp-content\/uploads\/2020\/12\/sanitize_campus-1.jpg_040321-082617.jpg\" \n                        src=\"https:\/\/museunacionalvive.org.br\/wp-content\/uploads\/2020\/12\/sanitize_campus-1.jpg_040321-082617.jpg\" \n                        alt=\"\" \/>\n                <\/div>\n                            <div class='gallery-item col-12 col-sm-4 col-md-3 col-lg-2 my-3'>\n                    <div style='background-image: url(\"https:\/\/museunacionalvive.org.br\/wp-content\/uploads\/2020\/12\/sanitize_campus-rel-2.jpg_040321-082623-1024x768.jpg\")'><\/div>\n                    <img class=\"img-fluid\"\n                        data-caption = \"\" \n                        data-bp=\"https:\/\/museunacionalvive.org.br\/wp-content\/uploads\/2020\/12\/sanitize_campus-rel-2.jpg_040321-082623-1024x768.jpg\" \n                        src=\"https:\/\/museunacionalvive.org.br\/wp-content\/uploads\/2020\/12\/sanitize_campus-rel-2.jpg_040321-082623-1024x768.jpg\" \n                        alt=\"\" \/>\n                <\/div>\n                            <div class='gallery-item col-12 col-sm-4 col-md-3 col-lg-2 my-3'>\n                    <div style='background-image: url(\"https:\/\/museunacionalvive.org.br\/wp-content\/uploads\/2020\/12\/sanitize_campus-4.jpg_040321-082621.jpg\")'><\/div>\n                    <img class=\"img-fluid\"\n                        data-caption = \"\" \n                        data-bp=\"https:\/\/museunacionalvive.org.br\/wp-content\/uploads\/2020\/12\/sanitize_campus-4.jpg_040321-082621.jpg\" \n                        src=\"https:\/\/museunacionalvive.org.br\/wp-content\/uploads\/2020\/12\/sanitize_campus-4.jpg_040321-082621.jpg\" \n                        alt=\"\" \/>\n                <\/div>\n                            <div class='gallery-item col-12 col-sm-4 col-md-3 col-lg-2 my-3'>\n                    <div style='background-image: url(\"https:\/\/museunacionalvive.org.br\/wp-content\/uploads\/2020\/12\/sanitize_campus-3.jpg_040321-082619.jpg\")'><\/div>\n                    <img class=\"img-fluid\"\n                        data-caption = \"\" \n                        data-bp=\"https:\/\/museunacionalvive.org.br\/wp-content\/uploads\/2020\/12\/sanitize_campus-3.jpg_040321-082619.jpg\" \n                        src=\"https:\/\/museunacionalvive.org.br\/wp-content\/uploads\/2020\/12\/sanitize_campus-3.jpg_040321-082619.jpg\" \n                        alt=\"\" \/>\n                <\/div>\n                    <\/div>\n    <\/div>\n<p class=\"has-text-align-left\">The construction of a research and teaching campus will ensure that Pa\u00e7o de S\u00e3o Crist\u00f3v\u00e3o is entirely dedicated to exhibitions and educational activities. The campus will host administrative, academic, laboratory and technical reserve buildings, in addition to providing a visitation center that allows for the resumption of school visits, even before the Museum\u2019s reopening.<\/p>\n\n<hr class=\"wp-block-separator\" \/>\n","protected":false},"excerpt":{"rendered":"<p>Rebuild and restore the S\u00e3o Crist\u00f3v\u00e3o Palace The imposing palace located at Quinta da Boa Vista (second largest urban park in the city of Rio de Janeiro), is a Brazilian heritage listed in 1938 by the National Historical and Artistic Heritage Institute (IPHAN). During the nineteenth century, it was the royal residential palace of d. [&hellip;]<\/p>\n","protected":false},"author":1,"featured_media":0,"parent":3234,"menu_order":3,"comment_status":"closed","ping_status":"closed","template":"","meta":[],"page_category":[],"acf":[],"_links":{"self":[{"href":"https:\/\/museunacionalvive.org.br\/en\/wp-json\/wp\/v2\/pages\/3282"}],"collection":[{"href":"https:\/\/museunacionalvive.org.br\/en\/wp-json\/wp\/v2\/pages"}],"about":[{"href":"https:\/\/museunacionalvive.org.br\/en\/wp-json\/wp\/v2\/types\/page"}],"author":[{"embeddable":true,"href":"https:\/\/museunacionalvive.org.br\/en\/wp-json\/wp\/v2\/users\/1"}],"replies":[{"embeddable":true,"href":"https:\/\/museunacionalvive.org.br\/en\/wp-json\/wp\/v2\/comments?post=3282"}],"version-history":[{"count":2,"href":"https:\/\/museunacionalvive.org.br\/en\/wp-json\/wp\/v2\/pages\/3282\/revisions"}],"predecessor-version":[{"id":3420,"href":"https:\/\/museunacionalvive.org.br\/en\/wp-json\/wp\/v2\/pages\/3282\/revisions\/3420"}],"up":[{"embeddable":true,"href":"https:\/\/museunacionalvive.org.br\/en\/wp-json\/wp\/v2\/pages\/3234"}],"wp:attachment":[{"href":"https:\/\/museunacionalvive.org.br\/en\/wp-json\/wp\/v2\/media?parent=3282"}],"wp:term":[{"taxonomy":"page_category","embeddable":true,"href":"https:\/\/museunacionalvive.org.br\/en\/wp-json\/wp\/v2\/page_category?post=3282"}],"curies":[{"name":"wp","href":"https:\/\/api.w.org\/{rel}","templated":true}]}}