{"id":3307,"date":"2021-11-10T14:01:25","date_gmt":"2021-11-10T17:01:25","guid":{"rendered":"https:\/\/museunacionalvive.org.br\/exhibitions\/"},"modified":"2024-12-16T20:40:58","modified_gmt":"2024-12-16T23:40:58","slug":"exhibitions","status":"publish","type":"page","link":"https:\/\/museunacionalvive.org.br\/en\/exhibitions\/","title":{"rendered":"Exhibitions"},"content":{"rendered":"\n<h3><strong>VIRTUAL EXHIBITIONS<\/strong><\/h3>\n\n\n\n<p><br><strong>MEMORY AND RECONSTRUCTION<\/strong><br><br>This virtual exhibit invites the public to learn more about the history of the institution and the ongoing work to fully restore it for society. Organized in the format of timelines, the page <a href=\"https:\/\/memoria.museunacionalvive.org.br\/\"><strong>Museu Nacional Vive \u2013 Memory and Reconstruction<\/strong><\/a> offers navigation through two virtual sections. &#8220;More Than 200 Years of History&#8221; highlights key moments in the Museum\u2019s history, such as its first exhibitions and visits by luminaries like Santos Dumont, Marie Curie, and Albert Einstein. In the section &#8220;Building Tomorrow,&#8221; visitors can explore details of the ongoing reconstruction through images, texts, and videos on topics like collection recovery, sculpture restoration, facade work, archaeological monitoring, and more.<br><br>The page will be regularly updated, showcasing the progress of the restoration and documenting significant events in this historic rebuild. Access it <strong><a href=\"https:\/\/memoria.museunacionalvive.org.br\/\">HERE<\/a>.<\/strong><\/p>\n\n\n\n<p><strong>MINERALOGY<\/strong><br>The new website for the collection recompose campaign presents the exhibition <a href=\"http:\/\/www.recompoe.mn.ufrj.br\/\">R<strong>ecomp\u00f5e.Mineralogi<\/strong>a<\/a>, which reveals nine items to the public, including two recently donated pieces and seven acquired with sponsorship from Vale, through the Law of Incentive to Culture. One of the featured items is a gypsum sample, which is used in the construction industry to make plaster, for instance. While other minerals have high hardness, gypsum can be easily scratched, even by human nails.<br><br>The second virtual room of the exhibition is dedicated to five items rescued from the 2018 fire. A highlight of this exhibition is revealing how the minerals transformed due to the intense heat of the fire. For example, there\u2019s a quartz stone that was once brown or smoky-colored but is now colorless. Another item on display is a chalcedony that lost its original color and was left impregnated with soot.<\/p>\n\n\n\n<figure class=\"wp-block-image size-large\"><img loading=\"lazy\" width=\"1024\" height=\"576\" src=\"https:\/\/museunacionalvive.org.br\/wp-content\/uploads\/2022\/12\/sanitize_vitrine-3-chapas-agata-ametista-3.png_201222-120920-1024x576.png\" alt=\"\" class=\"wp-image-4053\" srcset=\"https:\/\/museunacionalvive.org.br\/wp-content\/uploads\/2022\/12\/sanitize_vitrine-3-chapas-agata-ametista-3.png_201222-120920-1024x576.png 1024w, https:\/\/museunacionalvive.org.br\/wp-content\/uploads\/2022\/12\/sanitize_vitrine-3-chapas-agata-ametista-3.png_201222-120920-300x169.png 300w, https:\/\/museunacionalvive.org.br\/wp-content\/uploads\/2022\/12\/sanitize_vitrine-3-chapas-agata-ametista-3.png_201222-120920-768x432.png 768w, https:\/\/museunacionalvive.org.br\/wp-content\/uploads\/2022\/12\/sanitize_vitrine-3-chapas-agata-ametista-3.png_201222-120920-1536x864.png 1536w, https:\/\/museunacionalvive.org.br\/wp-content\/uploads\/2022\/12\/sanitize_vitrine-3-chapas-agata-ametista-3.png_201222-120920.png 1920w\" sizes=\"(max-width: 1024px) 100vw, 1024px\" \/><\/figure>\n\n\n\n<p><strong>ANTHROPOLOGY<\/strong><br>With the support of the <a href=\"https:\/\/osprimeirosbrasileiros.mn.ufrj.br\/\">Museu Nacional Vive Project<\/a>, the virtual exhibition &#8220;Os Primeiros Brasileiros&#8221; brings together the Museum\u2019s indigenous collection that was unaffected by the 2018 fire. The exhibition was created by anthropologist Jo\u00e3o Pacheco de Oliveira (MN\/UFRJ) in close collaboration with the Articulation of Indigenous Peoples and Organizations from the Northeast, Minas Gerais, and Esp\u00edrito Santo (APOINME).<\/p>\n\n\n\n<p><br>Revisit the history of Brazil and explore the cultural diversity of the indigenous peoples of the Northeast!<\/p>\n\n\n\n<figure class=\"wp-block-image size-large\"><img loading=\"lazy\" width=\"1024\" height=\"640\" src=\"https:\/\/museunacionalvive.org.br\/wp-content\/uploads\/2021\/04\/sanitize_banner-mn-1.jpg_090421-060255-1024x640.jpg\" alt=\"\" class=\"wp-image-2332\" srcset=\"https:\/\/museunacionalvive.org.br\/wp-content\/uploads\/2021\/04\/sanitize_banner-mn-1.jpg_090421-060255-1024x640.jpg 1024w, https:\/\/museunacionalvive.org.br\/wp-content\/uploads\/2021\/04\/sanitize_banner-mn-1.jpg_090421-060255-300x188.jpg 300w, https:\/\/museunacionalvive.org.br\/wp-content\/uploads\/2021\/04\/sanitize_banner-mn-1.jpg_090421-060255-768x480.jpg 768w, https:\/\/museunacionalvive.org.br\/wp-content\/uploads\/2021\/04\/sanitize_banner-mn-1.jpg_090421-060255.jpg 1200w\" sizes=\"(max-width: 1024px) 100vw, 1024px\" \/><\/figure>\n\n\n\n<p><\/p>\n\n\n\n<hr class=\"wp-block-separator\" \/>\n\n\n\n<h3>PHYSICAL EXHIBITIONS HELD (2022\/2023)<\/h3>\n\n\n\n<p>Celebrating 409 years of Madureira, the <a href=\"https:\/\/museunacionalvive.org.br\/\">Museu Nacional Vive Project<\/a> and the City of Rio de Janeiro developed the exhibition &#8220;Luzia and Berthasaura in Madureira.&#8221; Visitors enjoyed seeing a replica of the skull of Luzia \u2013 the oldest human remains in the Americas \u2013 as well as the fossil of <em>Berthasaura leopoldinae<\/em>, found in Paran\u00e1 in 2021.<\/p>\n\n\n\n<p>Around the Pa\u00e7o de S\u00e3o Crist\u00f3v\u00e3o (the Museum\u2019s headquarters), the open-air exhibition &#8220;Museu Nacional Vive&#8221; featured panels and photographs highlighting the history and ongoing reconstruction of the institution.<\/p>\n\n\n\n<p>The exhibition <strong>Recomp\u00f5e.Mineralogia<\/strong>, with 17 large and small pieces, occupied the entrance hall of the palace (meteorite Bendeg\u00f3 room). For the first time since the 2018 fire, visitors could approach the building and observe, from its central doors, a diverse set of minerals that had been recovered, along with newly acquired items sponsored by Vale, through the Law of Incentive to Culture.<\/p>\n\n\n\n<p>Stimulated by the <strong>Museu Nacional Vive Project<\/strong>, the <a rel=\"noreferrer noopener\" href=\"https:\/\/osprimeirosbrasileiros.mn.ufrj.br\/\" target=\"_blank\"><strong>virtual exhibition \u201cOs Primeiros Brasileiros\u201d [The First Brazilians] <\/strong>&#8220;<\/a>, is running with the National Museum\u2019 indigenous collection that was not hit by fire. The exhibition was conceived by anthropologist Jo\u00e3o Pacheco de Oliveira (MN\/UFRJ), in close partnership with the Articulation of Indigenous Peoples and Organizations of the Northeast region and states of Minas Gerais and Esp\u00edrito Santo (APOINME).<\/p>\n\n\n\n<p>Revisit with us Brazil\u2019s history and browse the cultural diversity of the indigenous peoples of the Northeast!<\/p>\n\n\n\n<figure class=\"wp-block-image size-large is-style-default\"><a href=\"https:\/\/osprimeirosbrasileiros.mn.ufrj.br\/\" target=\"_blank\" rel=\"noopener\"><img loading=\"lazy\" width=\"1024\" height=\"640\" src=\"https:\/\/museunacionalvive.org.br\/wp-content\/uploads\/2021\/04\/sanitize_banner-mn-1.jpg_090421-060255-1024x640.jpg\" alt=\"\" class=\"wp-image-2332\" srcset=\"https:\/\/museunacionalvive.org.br\/wp-content\/uploads\/2021\/04\/sanitize_banner-mn-1.jpg_090421-060255-1024x640.jpg 1024w, https:\/\/museunacionalvive.org.br\/wp-content\/uploads\/2021\/04\/sanitize_banner-mn-1.jpg_090421-060255-300x188.jpg 300w, https:\/\/museunacionalvive.org.br\/wp-content\/uploads\/2021\/04\/sanitize_banner-mn-1.jpg_090421-060255-768x480.jpg 768w, https:\/\/museunacionalvive.org.br\/wp-content\/uploads\/2021\/04\/sanitize_banner-mn-1.jpg_090421-060255.jpg 1200w\" sizes=\"(max-width: 1024px) 100vw, 1024px\" \/><\/a><\/figure>\n\n\n\n<hr class=\"wp-block-separator\" \/>\n\n\n\n<p class=\"has-white-color has-text-color has-background has-medium-font-size\" style=\"background-color:#29307b\"><strong>PHYSICAL EXHIBITIONS<\/strong> (2019)<\/p>\n\n\n\n<p>In partnership with other Brazilian research and cultural institutions, the National Museum\/UFRJ continues to exhibit its collections. Four physical exhibitions hosted by cultural centers in Rio de Janeiro helped to spread knowledge and strengthen the Museum\u2019s relationship with its audience. <\/p>\n\n\n\n<p class=\"has-white-color has-text-color has-background has-normal-font-size\" style=\"background-color:#00a2af\"><strong>ANTARCTICA<\/strong><\/p>\n\n\n\n<p>Just four months after the fire, the exhibition <strong> \u201cQuando Nem Tudo era Gelo \u2013 Novas Descobertas no Continente Ant\u00e1rtico\u201d [When Not Everything Was Ice \u2013 New Discoveries on the Antarctic Continent] <\/strong> opened at the Casa da Moeda Cultural Center (RJ). Plant fossils, shells, shark teeth, crustaceans and even some pieces rescued from the fire were exhibited.<\/p>\n\n\n\n<figure class=\"wp-block-image size-large is-resized\"><img loading=\"lazy\" src=\"https:\/\/museunacionalvive.org.br\/wp-content\/uploads\/2021\/03\/sanitize_foto43_expoantartica.png_180321-011617-1024x683.png\" alt=\"\" class=\"wp-image-2002\" width=\"577\" height=\"375\" \/><figcaption><em>Exhibition \u201cQuando nem tudo era gelo.\u201d (Credits: Raphael Pizzino\/UFRJ)<\/em><\/figcaption><\/figure>\n\n\n\n<p><\/p>\n\n\n\n<p class=\"has-white-color has-text-color has-background has-normal-font-size\" style=\"background-color:#00a2af\"><strong>ARQUEOLOGY<\/strong><\/p>\n\n\n\n<p>The exhibition <strong>\u201cSanto Ant\u00f4nio de S\u00e1: Primeira Vila do Rec\u00f4ncavo da Guanabara\u201d [Santo Ant\u00f4nio de S\u00e1: First Village of Rec\u00f4ncavo da Guanabara]<\/strong> opened at CAIXA Cultural (RJ) in November 2019, exhibiting archeological pieces found during the construction of the Petrochemical Complex of the State of Rio de Janeiro, in Itabora\u00ed.<\/p>\n\n\n\n<figure class=\"wp-block-image size-large is-resized\"><img loading=\"lazy\" src=\"https:\/\/museunacionalvive.org.br\/wp-content\/uploads\/2021\/02\/sanitize_foto46.1_creditos_diogo-vasconcellos_mn.jpg_230221-044958-1024x683.jpg\" alt=\"\" class=\"wp-image-1478\" width=\"578\" height=\"385\" srcset=\"https:\/\/museunacionalvive.org.br\/wp-content\/uploads\/2021\/02\/sanitize_foto46.1_creditos_diogo-vasconcellos_mn.jpg_230221-044958-1024x683.jpg 1024w, https:\/\/museunacionalvive.org.br\/wp-content\/uploads\/2021\/02\/sanitize_foto46.1_creditos_diogo-vasconcellos_mn.jpg_230221-044958-300x200.jpg 300w, https:\/\/museunacionalvive.org.br\/wp-content\/uploads\/2021\/02\/sanitize_foto46.1_creditos_diogo-vasconcellos_mn.jpg_230221-044958-768x512.jpg 768w, https:\/\/museunacionalvive.org.br\/wp-content\/uploads\/2021\/02\/sanitize_foto46.1_creditos_diogo-vasconcellos_mn.jpg_230221-044958-1536x1024.jpg 1536w, https:\/\/museunacionalvive.org.br\/wp-content\/uploads\/2021\/02\/sanitize_foto46.1_creditos_diogo-vasconcellos_mn.jpg_230221-044958-2048x1365.jpg 2048w\" sizes=\"(max-width: 578px) 100vw, 578px\" \/><figcaption><em>(Credits: Diogo Vasconcellos\/MN)<\/em><\/figcaption><\/figure>\n\n\n\n<p><\/p>\n\n\n\n<p class=\"has-white-color has-text-color has-background has-normal-font-size\" style=\"background-color:#00a2af\"><strong>METEORITES<\/strong><\/p>\n\n\n\n<p>Rocky and metallic meteorites, a meteoritic iron dagger and a totem that tells the story of the famous Bendeg\u00f3 make up the exhibition <strong>\u201cResurgindo das Cinzas\u201d [Rising from Ashes].<\/strong> The result of a partnership with the Museum of Astronomy and Related Sciences (RJ), the exhibition opened to the public in November 2019.<\/p>\n\n\n\n<figure class=\"wp-block-image size-large is-resized\"><img loading=\"lazy\" src=\"https:\/\/museunacionalvive.org.br\/wp-content\/uploads\/2021\/02\/sanitize_2019-11-28-aberturaexpomast-diogovasconcellos-6483.jpg_230221-045251-1024x683.jpg\" alt=\"\" class=\"wp-image-1479\" width=\"575\" height=\"383\" srcset=\"https:\/\/museunacionalvive.org.br\/wp-content\/uploads\/2021\/02\/sanitize_2019-11-28-aberturaexpomast-diogovasconcellos-6483.jpg_230221-045251-1024x683.jpg 1024w, https:\/\/museunacionalvive.org.br\/wp-content\/uploads\/2021\/02\/sanitize_2019-11-28-aberturaexpomast-diogovasconcellos-6483.jpg_230221-045251-300x200.jpg 300w, https:\/\/museunacionalvive.org.br\/wp-content\/uploads\/2021\/02\/sanitize_2019-11-28-aberturaexpomast-diogovasconcellos-6483.jpg_230221-045251-768x512.jpg 768w, https:\/\/museunacionalvive.org.br\/wp-content\/uploads\/2021\/02\/sanitize_2019-11-28-aberturaexpomast-diogovasconcellos-6483.jpg_230221-045251-1536x1024.jpg 1536w, https:\/\/museunacionalvive.org.br\/wp-content\/uploads\/2021\/02\/sanitize_2019-11-28-aberturaexpomast-diogovasconcellos-6483.jpg_230221-045251-2048x1365.jpg 2048w\" sizes=\"(max-width: 575px) 100vw, 575px\" \/><figcaption><em>Par\u00e1 de Minas Meteorite. (Credits: Diogo Vasconcellos\/MN)<\/em><\/figcaption><\/figure>\n\n\n\n<div class=\"wp-block-group\"><div class=\"wp-block-group__inner-container\">\n<p class=\"has-white-color has-text-color has-background has-normal-font-size\" style=\"background-color:#00a2af\"><strong>INDIGENOUS PEOPLES<\/strong><\/p>\n\n\n\n<p>Photographs, music, artifacts and films that record the diversity and narratives of indigenous peoples compound the exhibition <strong>\u201cOs Primeiros Brasileiros\u201d [The First Brazilians]<\/strong>, which occupied the rooms of the National Archives (RJ). The exhibition has been in circulation for over ten years, always awakening new emotions and perspectives on the country\u2019s indigenous people.<\/p>\n\n\n\n<figure class=\"wp-block-image size-large is-resized\"><img loading=\"lazy\" src=\"https:\/\/museunacionalvive.org.br\/wp-content\/uploads\/2021\/02\/sanitize_mn-arqnacional-diogovasconcellos-coordcom-ufrj-4715.jpg_230221-044754-1024x683.jpg\" alt=\"\" class=\"wp-image-1477\" width=\"580\" height=\"386\" srcset=\"https:\/\/museunacionalvive.org.br\/wp-content\/uploads\/2021\/02\/sanitize_mn-arqnacional-diogovasconcellos-coordcom-ufrj-4715.jpg_230221-044754-1024x683.jpg 1024w, https:\/\/museunacionalvive.org.br\/wp-content\/uploads\/2021\/02\/sanitize_mn-arqnacional-diogovasconcellos-coordcom-ufrj-4715.jpg_230221-044754-300x200.jpg 300w, https:\/\/museunacionalvive.org.br\/wp-content\/uploads\/2021\/02\/sanitize_mn-arqnacional-diogovasconcellos-coordcom-ufrj-4715.jpg_230221-044754-768x512.jpg 768w, https:\/\/museunacionalvive.org.br\/wp-content\/uploads\/2021\/02\/sanitize_mn-arqnacional-diogovasconcellos-coordcom-ufrj-4715.jpg_230221-044754-1536x1024.jpg 1536w, https:\/\/museunacionalvive.org.br\/wp-content\/uploads\/2021\/02\/sanitize_mn-arqnacional-diogovasconcellos-coordcom-ufrj-4715.jpg_230221-044754-2048x1365.jpg 2048w\" sizes=\"(max-width: 580px) 100vw, 580px\" \/><figcaption><em>The exhibition presents artifacts that were not affected by the fire. (Credits: Diogo Vasconcellos\/MN)<\/em><\/figcaption><\/figure>\n<\/div><\/div>\n","protected":false},"excerpt":{"rendered":"<p>VIRTUAL EXHIBITIONS MEMORY AND RECONSTRUCTION This virtual exhibit invites the public to learn more about the history of the institution and the ongoing work to fully restore it for society. Organized in the format of timelines, the page Museu Nacional Vive \u2013 Memory and Reconstruction offers navigation through two virtual sections. &#8220;More Than 200 Years [&hellip;]<\/p>\n","protected":false},"author":1,"featured_media":0,"parent":0,"menu_order":0,"comment_status":"closed","ping_status":"closed","template":"","meta":[],"page_category":[74],"acf":[],"_links":{"self":[{"href":"https:\/\/museunacionalvive.org.br\/en\/wp-json\/wp\/v2\/pages\/3307"}],"collection":[{"href":"https:\/\/museunacionalvive.org.br\/en\/wp-json\/wp\/v2\/pages"}],"about":[{"href":"https:\/\/museunacionalvive.org.br\/en\/wp-json\/wp\/v2\/types\/page"}],"author":[{"embeddable":true,"href":"https:\/\/museunacionalvive.org.br\/en\/wp-json\/wp\/v2\/users\/1"}],"replies":[{"embeddable":true,"href":"https:\/\/museunacionalvive.org.br\/en\/wp-json\/wp\/v2\/comments?post=3307"}],"version-history":[{"count":5,"href":"https:\/\/museunacionalvive.org.br\/en\/wp-json\/wp\/v2\/pages\/3307\/revisions"}],"predecessor-version":[{"id":4901,"href":"https:\/\/museunacionalvive.org.br\/en\/wp-json\/wp\/v2\/pages\/3307\/revisions\/4901"}],"wp:attachment":[{"href":"https:\/\/museunacionalvive.org.br\/en\/wp-json\/wp\/v2\/media?parent=3307"}],"wp:term":[{"taxonomy":"page_category","embeddable":true,"href":"https:\/\/museunacionalvive.org.br\/en\/wp-json\/wp\/v2\/page_category?post=3307"}],"curies":[{"name":"wp","href":"https:\/\/api.w.org\/{rel}","templated":true}]}}